{"id":73534,"date":"2026-01-08T10:44:20","date_gmt":"2026-01-08T10:44:20","guid":{"rendered":"https:\/\/www.salarich.net\/?post_type=estate&#038;p=73534"},"modified":"2026-01-08T10:45:54","modified_gmt":"2026-01-08T10:45:54","slug":"napols","status":"publish","type":"estate","link":"https:\/\/www.salarich.net\/es\/immobles\/piso-es\/barcelona-es\/napols\/","title":{"rendered":"N\u00e0pols"},"content":{"rendered":"<p>\u00a1Oportunidad \u00fanica en Camp d\u2019en Grassot i Gr\u00e0cia Nova!<br \/>\nSalarich presenta este magn\u00edfico piso en venta en el coraz\u00f3n de Gr\u00e0cia, una excelente oportunidad tanto para vivir como para invertir en una de las zonas m\u00e1s demandadas de Barcelona.<\/p>\n<p>La vivienda cuenta con 54 m\u00b2 seg\u00fan Catastro y destaca por su \u00f3ptima distribuci\u00f3n, gran luminosidad y orientaci\u00f3n suroeste, lo que proporciona una luz natural excepcional durante todo el d\u00eda. Se sit\u00faa en una planta alta con balc\u00f3n, lo que garantiza comodidad y una agradable sensaci\u00f3n de amplitud. Dispone de calefacci\u00f3n y suelo de parquet, aportando calidez y elegancia a los espacios, y se encuentra en una finca regia bien conservada con ascensor. El piso se distribuye en un luminoso sal\u00f3n-comedor con salida directa al balc\u00f3n, ideal para el descanso y la vida diaria, dos dormitorios amplios y vers\u00e1tiles adaptables a diferentes necesidades, un ba\u00f1o completo con plato de ducha y un balc\u00f3n de aproximadamente 3 m\u00b2 perfecto para disfrutar del aire libre.<\/p>\n<p>Ubicado en una zona privilegiada y perfectamente comunicada, cuenta con f\u00e1cil acceso a metro y autobuses; la estaci\u00f3n de metro Joanic se encuentra a pocos minutos, junto con diversas l\u00edneas de transporte p\u00fablico que conectan r\u00e1pidamente con el centro de la ciudad. Vivir en Camp d\u2019en Grassot i Gr\u00e0cia Nova significa disfrutar de un barrio con personalidad propia, servicios, comercios y una alta calidad de vida.<\/p>\n<p>Una vivienda con gran potencial, situada en un entorno con alta demanda residencial. Para m\u00e1s informaci\u00f3n o para concertar una visita, no dude en ponerse en contacto con nosotros.<\/p>\n<p>En Salarich Administraci\u00f3n contamos con casi 70 a\u00f1os de experiencia en la administraci\u00f3n de fincas y la gesti\u00f3n de patrimonios inmobiliarios. Somos una empresa familiar con tres generaciones de trayectoria, comprometida con un servicio cercano, profesional y de calidad. Ofrecemos intermediaci\u00f3n inmobiliaria, gesti\u00f3n vertical y\/u horizontal de propiedades y soluciones de financiaci\u00f3n para la compra o alquiler de inmuebles. Acompa\u00f1amos a nuestros clientes durante todo el proceso de compraventa para garantizar una experiencia segura y satisfactoria. El precio del inmueble no incluye impuestos, gastos notariales y registrales, honorarios de agencia ni gesti\u00f3n hipotecaria (si procede).<\/p>\n","protected":false},"excerpt":{"rendered":"<p>\u00a1Oportunidad \u00fanica en Camp d\u2019en Grassot i Gr\u00e0cia Nova! Salarich presenta este magn\u00edfico piso en venta en el coraz\u00f3n de Gr\u00e0cia, una excelente oportunidad tanto para vivir como para invertir en una de las zonas m\u00e1s demandadas de Barcelona. La vivienda cuenta con 54 m\u00b2 seg\u00fan Catastro y destaca por su \u00f3ptima distribuci\u00f3n, gran luminosidad [&hellip;]<\/p>\n","protected":false},"author":1003,"featured_media":0,"template":"","tipus-immoble":[818,772],"lloguer-venda":[825,770],"ciutat":[595],"zona":[604],"features":[766,732,690,758,773,786,733,760,785,700,717,736,782,669],"planta":[654],"tour-virtual":[],"class_list":["post-73534","estate","type-estate","status-publish","hentry","tipus-immoble-pis-es","tipus-immoble-piso-es","lloguer-venda-venda-es","lloguer-venda-venta-es","ciutat-barcelona-es","zona-camp-den-grassot-es","features-aire-acondicionado-es","features-aire-condicionat-es","features-ascensor-es","features-balco-es","features-balcon-es","features-bano-con-ducha-es","features-bany-amb-dutxa-es","features-calefaccio-es","features-calefaccion-es-2","features-certificado-energetico-en-tramite","features-exterior-es","features-habitacio-doble-es","features-habitacion-doble-es","features-parket-es","planta-septimo"],"acf":[],"yoast_head":"<!-- This site is optimized with the Yoast SEO plugin v23.1 - https:\/\/yoast.com\/wordpress\/plugins\/seo\/ -->\n<title>N\u00e0pols<\/title>\n<meta name=\"robots\" content=\"index, follow, max-snippet:-1, max-image-preview:large, max-video-preview:-1\" \/>\n<link rel=\"canonical\" href=\"https:\/\/www.salarich.net\/es\/immobles\/piso-es\/barcelona-es\/napols\/\" \/>\n<meta name=\"twitter:label1\" content=\"Tiempo de lectura\" \/>\n\t<meta name=\"twitter:data1\" content=\"2 minutos\" \/>\n<script type=\"application\/ld+json\" class=\"yoast-schema-graph\">{\"@context\":\"https:\/\/schema.org\",\"@graph\":[{\"@type\":\"WebPage\",\"@id\":\"https:\/\/www.salarich.net\/es\/immobles\/piso-es\/barcelona-es\/napols\/\",\"url\":\"https:\/\/www.salarich.net\/es\/immobles\/piso-es\/barcelona-es\/napols\/\",\"name\":\"N\u00e0pols\",\"isPartOf\":{\"@id\":\"https:\/\/www.salarich.net\/#website\"},\"datePublished\":\"2026-01-08T10:44:20+00:00\",\"dateModified\":\"2026-01-08T10:45:54+00:00\",\"breadcrumb\":{\"@id\":\"https:\/\/www.salarich.net\/es\/immobles\/piso-es\/barcelona-es\/napols\/#breadcrumb\"},\"inLanguage\":\"es\",\"potentialAction\":[{\"@type\":\"ReadAction\",\"target\":[\"https:\/\/www.salarich.net\/es\/immobles\/piso-es\/barcelona-es\/napols\/\"]}]},{\"@type\":\"BreadcrumbList\",\"@id\":\"https:\/\/www.salarich.net\/es\/immobles\/piso-es\/barcelona-es\/napols\/#breadcrumb\",\"itemListElement\":[{\"@type\":\"ListItem\",\"position\":1,\"name\":\"Portada\",\"item\":\"https:\/\/www.salarich.net\/es\/\"},{\"@type\":\"ListItem\",\"position\":2,\"name\":\"Properties\",\"item\":\"https:\/\/www.salarich.net\/immobles\/\"},{\"@type\":\"ListItem\",\"position\":3,\"name\":\"N\u00e0pols\"}]},{\"@type\":\"WebSite\",\"@id\":\"https:\/\/www.salarich.net\/#website\",\"url\":\"https:\/\/www.salarich.net\/\",\"name\":\"Salarich\",\"description\":\"\",\"publisher\":{\"@id\":\"https:\/\/www.salarich.net\/#organization\"},\"potentialAction\":[{\"@type\":\"SearchAction\",\"target\":{\"@type\":\"EntryPoint\",\"urlTemplate\":\"https:\/\/www.salarich.net\/?s={search_term_string}\"},\"query-input\":\"required name=search_term_string\"}],\"inLanguage\":\"es\"},{\"@type\":\"Organization\",\"@id\":\"https:\/\/www.salarich.net\/#organization\",\"name\":\"Salarich - Serveis Immobiliaris\",\"url\":\"https:\/\/www.salarich.net\/\",\"logo\":{\"@type\":\"ImageObject\",\"inLanguage\":\"es\",\"@id\":\"https:\/\/www.salarich.net\/#\/schema\/logo\/image\/\",\"url\":\"\",\"contentUrl\":\"\",\"caption\":\"Salarich - Serveis Immobiliaris\"},\"image\":{\"@id\":\"https:\/\/www.salarich.net\/#\/schema\/logo\/image\/\"}}]}<\/script>\n<!-- \/ Yoast SEO plugin. -->","yoast_head_json":{"title":"N\u00e0pols","robots":{"index":"index","follow":"follow","max-snippet":"max-snippet:-1","max-image-preview":"max-image-preview:large","max-video-preview":"max-video-preview:-1"},"canonical":"https:\/\/www.salarich.net\/es\/immobles\/piso-es\/barcelona-es\/napols\/","twitter_misc":{"Tiempo de lectura":"2 minutos"},"schema":{"@context":"https:\/\/schema.org","@graph":[{"@type":"WebPage","@id":"https:\/\/www.salarich.net\/es\/immobles\/piso-es\/barcelona-es\/napols\/","url":"https:\/\/www.salarich.net\/es\/immobles\/piso-es\/barcelona-es\/napols\/","name":"N\u00e0pols","isPartOf":{"@id":"https:\/\/www.salarich.net\/#website"},"datePublished":"2026-01-08T10:44:20+00:00","dateModified":"2026-01-08T10:45:54+00:00","breadcrumb":{"@id":"https:\/\/www.salarich.net\/es\/immobles\/piso-es\/barcelona-es\/napols\/#breadcrumb"},"inLanguage":"es","potentialAction":[{"@type":"ReadAction","target":["https:\/\/www.salarich.net\/es\/immobles\/piso-es\/barcelona-es\/napols\/"]}]},{"@type":"BreadcrumbList","@id":"https:\/\/www.salarich.net\/es\/immobles\/piso-es\/barcelona-es\/napols\/#breadcrumb","itemListElement":[{"@type":"ListItem","position":1,"name":"Portada","item":"https:\/\/www.salarich.net\/es\/"},{"@type":"ListItem","position":2,"name":"Properties","item":"https:\/\/www.salarich.net\/immobles\/"},{"@type":"ListItem","position":3,"name":"N\u00e0pols"}]},{"@type":"WebSite","@id":"https:\/\/www.salarich.net\/#website","url":"https:\/\/www.salarich.net\/","name":"Salarich","description":"","publisher":{"@id":"https:\/\/www.salarich.net\/#organization"},"potentialAction":[{"@type":"SearchAction","target":{"@type":"EntryPoint","urlTemplate":"https:\/\/www.salarich.net\/?s={search_term_string}"},"query-input":"required name=search_term_string"}],"inLanguage":"es"},{"@type":"Organization","@id":"https:\/\/www.salarich.net\/#organization","name":"Salarich - Serveis Immobiliaris","url":"https:\/\/www.salarich.net\/","logo":{"@type":"ImageObject","inLanguage":"es","@id":"https:\/\/www.salarich.net\/#\/schema\/logo\/image\/","url":"","contentUrl":"","caption":"Salarich - Serveis Immobiliaris"},"image":{"@id":"https:\/\/www.salarich.net\/#\/schema\/logo\/image\/"}}]}},"_links":{"self":[{"href":"https:\/\/www.salarich.net\/es\/wp-json\/wp\/v2\/estate\/73534"}],"collection":[{"href":"https:\/\/www.salarich.net\/es\/wp-json\/wp\/v2\/estate"}],"about":[{"href":"https:\/\/www.salarich.net\/es\/wp-json\/wp\/v2\/types\/estate"}],"author":[{"embeddable":true,"href":"https:\/\/www.salarich.net\/es\/wp-json\/wp\/v2\/users\/1003"}],"wp:attachment":[{"href":"https:\/\/www.salarich.net\/es\/wp-json\/wp\/v2\/media?parent=73534"}],"wp:term":[{"taxonomy":"tipus-immoble","embeddable":true,"href":"https:\/\/www.salarich.net\/es\/wp-json\/wp\/v2\/tipus-immoble?post=73534"},{"taxonomy":"lloguer-venda","embeddable":true,"href":"https:\/\/www.salarich.net\/es\/wp-json\/wp\/v2\/lloguer-venda?post=73534"},{"taxonomy":"ciutat","embeddable":true,"href":"https:\/\/www.salarich.net\/es\/wp-json\/wp\/v2\/ciutat?post=73534"},{"taxonomy":"zona","embeddable":true,"href":"https:\/\/www.salarich.net\/es\/wp-json\/wp\/v2\/zona?post=73534"},{"taxonomy":"features","embeddable":true,"href":"https:\/\/www.salarich.net\/es\/wp-json\/wp\/v2\/features?post=73534"},{"taxonomy":"planta","embeddable":true,"href":"https:\/\/www.salarich.net\/es\/wp-json\/wp\/v2\/planta?post=73534"},{"taxonomy":"tour-virtual","embeddable":true,"href":"https:\/\/www.salarich.net\/es\/wp-json\/wp\/v2\/tour-virtual?post=73534"}],"curies":[{"name":"wp","href":"https:\/\/api.w.org\/{rel}","templated":true}]}}